{"id":453,"date":"2017-01-12T11:36:38","date_gmt":"2017-01-12T11:36:38","guid":{"rendered":"http:\/\/hirubide.byethost22.com\/?page_id=453"},"modified":"2024-01-26T13:25:23","modified_gmt":"2024-01-26T12:25:23","slug":"ikt-heldutasun-eredua","status":"publish","type":"page","link":"https:\/\/www.hirubide.eus\/es\/proiektuak\/ikt-heldutasun-eredua\/","title":{"rendered":"Modelo de madurez TIC"},"content":{"rendered":"<h2><strong>\u00bfQu\u00e9 es el Modelo de Madurez Tecn\u00f3logica de Centro Educativo?<\/strong><\/h2>\n<div class=\"siteorigin-widget-tinymce textwidget\">Hoy en d\u00eda el uso de la tecnolog\u00eda est\u00e1 asumida e integrada en situaciones diversas. El Sistema Educativo se tiene que hacer permeable a esta circunstancia, favoreciendo su uso, ofreciendo as\u00ed una mayor calidad. El Modelo de Madurez Tecnol\u00f3gica de los Centros Educativos (Madurez TIC) se basa en un decreto que persigue la modernizaci\u00f3n tecnol\u00f3gica de la escuela vasca. Concretamente quiere impulsar un cambio metodol\u00f3gico en la ense\u00f1anza, la digitalizaci\u00f3n de los procesos docentes y administrativos, y de informaci\u00f3n y comunicaci\u00f3n. Mediante una convocatoria que se realizar\u00e1 cada dos a\u00f1os los centros solicitan su participaci\u00f3n. Tienen la posibilidad de participar los centros educativos de ense\u00f1anza no universitaria de la Comunidad Aut\u00f3noma del Pa\u00eds Vasco, tanto p\u00fablicos como concertados.<\/div>\n<div class=\"siteorigin-widget-tinymce textwidget\"><\/div>\n<h2 class=\"siteorigin-widget-tinymce textwidget\"><strong>Hemos alcanzado el nivel avanzado<br \/>\n<\/strong><\/h2>\n<div class=\"siteorigin-widget-tinymce textwidget\"><strong><img loading=\"lazy\" decoding=\"async\" class=\"size-medium wp-image-998 alignleft\" src=\"http:\/\/www.hirubide.eus\/wp-content\/uploads\/2017\/01\/nivel_avanzado_lateral_castellano-770x433-300x169.jpg\" alt=\"\" width=\"300\" height=\"169\" srcset=\"https:\/\/www.hirubide.eus\/wp-content\/uploads\/2017\/01\/nivel_avanzado_lateral_castellano-770x433-300x169.jpg 300w, https:\/\/www.hirubide.eus\/wp-content\/uploads\/2017\/01\/nivel_avanzado_lateral_castellano-770x433-768x432.jpg 768w, https:\/\/www.hirubide.eus\/wp-content\/uploads\/2017\/01\/nivel_avanzado_lateral_castellano-770x433.jpg 770w\" sizes=\"auto, (max-width: 300px) 100vw, 300px\" \/>Nivel Avanzado: Virtualizaci\u00f3n del aula y del centro:<\/strong> Las TIC forman parte de todo el proceso de ense\u00f1anza aprendizaje de una forma natural. El centro, en su proyecto de centro, y dentro de su autonom\u00eda,\u00a0 contemplar\u00e1\u00a0 su\u00a0 uso\u00a0 generalizado\u00a0 por\u00a0 todo\u00a0 el\u00a0 profesorado\u00a0 y\u00a0 en\u00a0 todas\u00a0 las\u00a0 \u00e1reas\u00a0 y progresivamente har\u00e1 uso de las herramientas telem\u00e1ticas para que el concepto de espacio que se dedica en el centro y el tiempo de las distintas materias se ampl\u00ede de forma virtual.<\/div>\n<div class=\"siteorigin-widget-tinymce textwidget\">El\u00a0 concepto de\u00a0 espacio tiempo\u00a0 va\u00a0 m\u00e1s\u00a0 all\u00e1\u00a0 del\u00a0 horario\u00a0 lectivo,\u00a0 por\u00a0 lo\u00a0 que,\u00a0 a trav\u00e9s\u00a0 del\u00a0 uso\u00a0 de plataformas\u00a0 educativas\u00a0 (de\u00a0 tele\u00a0 formaci\u00f3n,\u00a0 blogs,\u00a0\u00a0\u00a0 wikis , &#8230;),\u00a0 el\u00a0 aula\u00a0 se\u00a0 abre\u00a0 al\u00a0 exterior,\u00a0 y\u00a0 el alumnado y las familias tendr\u00e1n permanentemente a disposici\u00f3n m\u00e1s recursos educativos que los\u00a0 aportados\u00a0 por\u00a0 la\u00a0 mera\u00a0 presencia\u00a0 en\u00a0 la\u00a0 clase.\u00a0 Para\u00a0 ello\u00a0 se\u00a0 estima\u00a0 que\u00a0 m\u00e1s\u00a0 del\u00a0\u00a0\u00a0 80%\u00a0 utiliza herramientas telem\u00e1ticas y de web 2.0 (Perfil Intermedio) y m\u00e1s del 60% es capaz de trabajar con entornos virtuales de aprendizaje (Perfil Superior).<\/div>\n<div class=\"siteorigin-widget-tinymce textwidget\">El centro dispone de una plataforma educativa accesible a trav\u00e9s de Internet, que permite una comunicaci\u00f3n permanente y bidireccional con el resto de agentes de la comunidad educativa.<\/div>\n<p><span style=\"border-radius: 2px; text-indent: 20px; width: auto; padding: 0px 4px 0px 0px; text-align: center; font: bold 11px\/20px 'Helvetica Neue',Helvetica,sans-serif; color: #ffffff; background: #bd081c no-repeat scroll 3px 50% \/ 14px 14px; position: absolute; opacity: 1; z-index: 8675309; display: none; cursor: pointer; top: 502px; left: 50px;\">Save<\/span><\/p>\n<p><span style=\"border-radius: 2px; text-indent: 20px; width: auto; padding: 0px 4px 0px 0px; text-align: center; font: bold 11px\/20px 'Helvetica Neue',Helvetica,sans-serif; color: #ffffff; background: #bd081c  no-repeat scroll 3px 50% \/ 14px 14px; position: absolute; opacity: 1; z-index: 8675309; display: none; cursor: pointer;\">Save<\/span><\/p>\n","protected":false},"excerpt":{"rendered":"<p>\u00bfQu\u00e9 es el Modelo de Madurez Tecn\u00f3logica de Centro Educativo? Hoy en d\u00eda el uso de la tecnolog\u00eda est\u00e1 asumida e integrada en situaciones diversas. \u2026<\/p>\n","protected":false},"author":13,"featured_media":7124,"parent":308,"menu_order":0,"comment_status":"closed","ping_status":"closed","template":"","meta":{"episode_type":"","audio_file":"","podmotor_file_id":"","podmotor_episode_id":"","cover_image":"","cover_image_id":"","duration":"","filesize":"","filesize_raw":"","date_recorded":"","explicit":"","block":"","itunes_episode_number":"","itunes_title":"","itunes_season_number":"","itunes_episode_type":"","footnotes":""},"class_list":["post-453","page","type-page","status-publish","has-post-thumbnail","hentry"],"translation":{"provider":"WPGlobus","version":"3.0.2","language":"es","enabled_languages":["eu","es"],"languages":{"eu":{"title":true,"content":true,"excerpt":false},"es":{"title":true,"content":true,"excerpt":false}}},"_links":{"self":[{"href":"https:\/\/www.hirubide.eus\/es\/wp-json\/wp\/v2\/pages\/453","targetHints":{"allow":["GET"]}}],"collection":[{"href":"https:\/\/www.hirubide.eus\/es\/wp-json\/wp\/v2\/pages"}],"about":[{"href":"https:\/\/www.hirubide.eus\/es\/wp-json\/wp\/v2\/types\/page"}],"author":[{"embeddable":true,"href":"https:\/\/www.hirubide.eus\/es\/wp-json\/wp\/v2\/users\/13"}],"replies":[{"embeddable":true,"href":"https:\/\/www.hirubide.eus\/es\/wp-json\/wp\/v2\/comments?post=453"}],"version-history":[{"count":9,"href":"https:\/\/www.hirubide.eus\/es\/wp-json\/wp\/v2\/pages\/453\/revisions"}],"predecessor-version":[{"id":7123,"href":"https:\/\/www.hirubide.eus\/es\/wp-json\/wp\/v2\/pages\/453\/revisions\/7123"}],"up":[{"embeddable":true,"href":"https:\/\/www.hirubide.eus\/es\/wp-json\/wp\/v2\/pages\/308"}],"wp:featuredmedia":[{"embeddable":true,"href":"https:\/\/www.hirubide.eus\/es\/wp-json\/wp\/v2\/media\/7124"}],"wp:attachment":[{"href":"https:\/\/www.hirubide.eus\/es\/wp-json\/wp\/v2\/media?parent=453"}],"curies":[{"name":"wp","href":"https:\/\/api.w.org\/{rel}","templated":true}]}}