{"id":1503,"date":"2019-10-04T16:16:48","date_gmt":"2019-10-04T16:16:48","guid":{"rendered":"http:\/\/www.hirubide.eus\/?page_id=1503"},"modified":"2019-10-04T16:24:46","modified_gmt":"2019-10-04T16:24:46","slug":"bidelaguna","status":"publish","type":"page","link":"https:\/\/www.hirubide.eus\/es\/hezkuntza-eskaintza\/bidelaguna\/","title":{"rendered":"Bidelaguna"},"content":{"rendered":"\n<p>Bidelaguna es un programa para la atenci\u00f3n a la diversidad que se desarrolla despu\u00e9s de las horas lectivas habituales. Pod\u00e9is encontrar m\u00e1s informaci\u00f3n en la <a href=\"https:\/\/www.euskadi.eus\/programas-de-atencion-a-la-diversidad-bidelaguna\/web01-a3hinklu\/es\/\">siguiente web<\/a>.<\/p>\n\n\n\n<p>En nuestro centro este es el reglamento vigente en cuanto al programa:<\/p>\n\n\n\n<p>\nALUMNOS\/AS<\/p>\n\n\n\n<ol class=\"wp-block-list\"><li>\n\tLos\n\talumnos\/as que participen en el programa Bidelaguna est\u00e1n obligados\n\ta asistir a todas las clases. Si alg\u00fan\/a alumno\/a no puede asistir\n\ta clase, deber\u00e1 justificar la falta de asistencia a su tutor\/a o a\n\tla responsable de Bidelaguna. \n\t\n\t<\/li><li>\n\tSi\n\tel alumno\/a acumula tres faltas o m\u00e1s sin justificar ser\u00e1\n\texpulsado del programa.\n\t<\/li><li>\n\tEn\n\tlas clases de Bidelaguna el comportamiento debe ser el adecuado:\n\trespeto hacia los compa\u00f1eros\/as y los monitores, trabajar,\n\taprovechar el tiempo, obedecer al monitor\/a\u2026 Es decir, se ha de\n\tcumplir el reglamento del centro.\n\tDe lo contrario, la Comisi\u00f3n de Convivencia tomar\u00e1 las medidas\n\toportunas.\n\t<\/li><li>\n\tEs\n\tobligatorio llevar la agenda a todas las clases. El seguimiento de\n\tla agenda ser\u00e1 responsabilidad del alumno\/a. \n\t\n\t<\/li><li>\n\tEn\n\tel tiempo libre previo a Bidelaguna, es decir, desde las 14:00 a las\n\t14:30, los alumnos\/as que se\n\tqueden en el comedor\n\tno pueden salir del recinto escolar.\n\t<\/li><li>\n\tEl\n\thorario de las clases ser\u00e1 el siguiente: desde las 14:30 a las\n\t16:30. Tanto los alumnos\/as como los monitores\/as deber\u00e1n ser\n\tpuntuales.\n\t<\/li><li>\n\tEl\n\talumno\/a que no cumpla las normas descritas en esta normativa ser\u00e1\n\texpulsado\/a del programa Bidelaguna. \n\t\n<\/li><\/ol>\n\n\n\n<p>PROFESORES<\/p>\n\n\n\n<ol class=\"wp-block-list\"><li>\n\tLos\n\tprofesores detallar\u00e1n las propuestas de participaci\u00f3n en el\n\tprograma Bidelaguna,\n\tser\u00e1 revisada peri\u00f3dicamente pudiendo dar de alta y baja seg\u00fan\n\tlas necesidades previstas.\n\t<\/li><li>\n\tLos\n\ttutores del primer ciclo mantendr\u00e1n contacto directo con la\n\tresponsable de Bidelaguna para comunicar el proceso de aprendizaje\n\tde los alumnos\/as y, si fuese necesario, tomar las medidas\n\toportunas. \n\t\n\t<\/li><li>\n\tEn\n\tel caso de que faltase el monitor\/a de Bidelaguna, se avisar\u00e1\n\ta las familias y no habr\u00e1 clase de Bidelaguna.\n\t\n\t\n\t<\/li><li>\n\tDurante\n\tel curso, sobre todo los profesores que sean tutores, supervisar\u00e1n\n\tque los alumnos hagan el seguimiento de las agendas. \n\t\n\t<\/li><li>\n\tCada\n\tdepartamento realizar\u00e1 un peque\u00f1o resumen de los contenidos y\n\ttemas que se tratar\u00e1n durante el curso que se entregar\u00e1 al\n\tmonitor\/a de Bidelaguna, para que cuando los alumnos no tengan\n\tquehaceres, se les pueda poner trabajo complementario acorde con lo\n\tque se est\u00e1 trabajando en clase. \n\t\n<\/li><\/ol>\n\n\n\n<p>LA\nENCARGADA DE BIDELAGUNA<\/p>\n\n\n\n<ol class=\"wp-block-list\"><li>\n\tSer\u00e1\n\tel puente entre los alumnos\/as que participan en el programa\n\tBidelaguna, las familias de dichos alumos\/as y los profesores del\n\tcentro. \n\t\n\t<\/li><li>\n\tAcordar\u00e1\n\treuniones informativas con la frecuencia prevista de antemano con\n\tlos tutores del primer ciclo y el monitor\/a de Bidelaguna. \n\t\n\t<\/li><li>\n\tDar\u00e1\n\tsoluci\u00f3n a los problemas que puedan crearse en las clases de\n\tBidelaguna, con la ayuda de los alumnos\/as, las familias, el centro\n\ty el monitor\/a de Bidelaguna.\n<\/li><\/ol>\n\n\n\n<p>\nEL MONITOR\/A DE BIDELAGUNA<\/p>\n\n\n\n<ol class=\"wp-block-list\"><li>\n\tSe\n\tencargar\u00e1 de hacer el seguimiento de la asistencia de los\n\talumnos\/as. \n\t\n\t<\/li><li>\n\tAl\n\tfinal de cada evaluaci\u00f3n, elaborar\u00e1 una evaluaci\u00f3n de cada\n\talumno. \n\t\n<\/li><\/ol>\n","protected":false},"excerpt":{"rendered":"<p>Bidelaguna es un programa para la atenci\u00f3n a la diversidad que se desarrolla despu\u00e9s de las horas lectivas habituales. Pod\u00e9is encontrar m\u00e1s informaci\u00f3n en la \u2026<\/p>\n","protected":false},"author":13,"featured_media":0,"parent":315,"menu_order":0,"comment_status":"closed","ping_status":"closed","template":"","meta":{"episode_type":"","audio_file":"","podmotor_file_id":"","podmotor_episode_id":"","cover_image":"","cover_image_id":"","duration":"","filesize":"","filesize_raw":"","date_recorded":"","explicit":"","block":"","itunes_episode_number":"","itunes_title":"","itunes_season_number":"","itunes_episode_type":"","footnotes":""},"class_list":["post-1503","page","type-page","status-publish","hentry"],"translation":{"provider":"WPGlobus","version":"3.0.2","language":"es","enabled_languages":["eu","es"],"languages":{"eu":{"title":true,"content":true,"excerpt":false},"es":{"title":true,"content":true,"excerpt":false}}},"_links":{"self":[{"href":"https:\/\/www.hirubide.eus\/es\/wp-json\/wp\/v2\/pages\/1503","targetHints":{"allow":["GET"]}}],"collection":[{"href":"https:\/\/www.hirubide.eus\/es\/wp-json\/wp\/v2\/pages"}],"about":[{"href":"https:\/\/www.hirubide.eus\/es\/wp-json\/wp\/v2\/types\/page"}],"author":[{"embeddable":true,"href":"https:\/\/www.hirubide.eus\/es\/wp-json\/wp\/v2\/users\/13"}],"replies":[{"embeddable":true,"href":"https:\/\/www.hirubide.eus\/es\/wp-json\/wp\/v2\/comments?post=1503"}],"version-history":[{"count":3,"href":"https:\/\/www.hirubide.eus\/es\/wp-json\/wp\/v2\/pages\/1503\/revisions"}],"predecessor-version":[{"id":1507,"href":"https:\/\/www.hirubide.eus\/es\/wp-json\/wp\/v2\/pages\/1503\/revisions\/1507"}],"up":[{"embeddable":true,"href":"https:\/\/www.hirubide.eus\/es\/wp-json\/wp\/v2\/pages\/315"}],"wp:attachment":[{"href":"https:\/\/www.hirubide.eus\/es\/wp-json\/wp\/v2\/media?parent=1503"}],"curies":[{"name":"wp","href":"https:\/\/api.w.org\/{rel}","templated":true}]}}